{"id":1891,"date":"2023-06-12T12:56:12","date_gmt":"2023-06-12T10:56:12","guid":{"rendered":"https:\/\/ibermedianext.com\/?page_id=1891"},"modified":"2025-08-11T09:53:32","modified_gmt":"2025-08-11T07:53:32","slug":"v1","status":"publish","type":"page","link":"https:\/\/ibermedianext.com\/it\/v1\/","title":{"rendered":"Bando 1.0"},"content":{"rendered":"\n<div class=\"module--cards-info\">\n    <div class=\"container\">\n                                    <div class=\"card\">\n                    <span class=\"title\">Apertura del bando<\/span>\n                    <div class=\"info\">\n                        <p>12 de maggio<br \/>\n2023<\/p>\n                    <\/div>\n                <\/div>\n                            <div class=\"card\">\n                    <span class=\"title\">Chiusura del bando<\/span>\n                    <div class=\"info\">\n                        <p>21 de agosto<br \/>\n2023<\/p>\n                    <\/div>\n                <\/div>\n                            <div class=\"card\">\n                    <span class=\"title\">Risoluzione del bando<\/span>\n                    <div class=\"info\">\n                        <p>Novembre 2023<\/p>\n                    <\/div>\n                <\/div>\n                            <div class=\"card\">\n                    <span class=\"title\">Monitoraggio dei progetti<\/span>\n                    <div class=\"info\">\n                        <p>2024-2025<\/p>\n                    <\/div>\n                <\/div>\n                        <\/div>\n<\/div>\n\n\n<div class=\"module--bases\">\n    <div class=\"container\">\n        <div class=\"column\">\n            <span class=\"title\">Scarica il supplemento speciale LATAM<\/span>\n            <p class=\"info\"><\/p>\n        <\/div>\n        <div class=\"column\">\n                                                <div class=\"dwn\">\n                        <span>Supplemento LATAM<\/span>\n                        <a href=\"https:\/\/ibermedianext.com\/wp-content\/uploads\/2024\/06\/LatAmcinema_IBERMEDIA_NEXT_ES.pdf\" class=\"btn btn--dot\" target=\"_blank\">\n                            <span class=\"dot\"><img decoding=\"async\" src=\"https:\/\/ibermedianext.com\/wp-content\/themes\/ibermedia\/img\/icon-download.svg\" \/><\/span>\n                            <span class=\"lbl\">Scaricare<\/span>\n                        <\/a>\n                    <\/div>\n                                    <\/div>\n    <\/div>\n<\/div>\n\n\n    <div class=\"module--team\">\n        <div class=\"inner\">\n            <span class=\"title\">Progetti selezionati<\/span>\n            <div class=\"intro\">\n                Per saperne di pi\u00f9 sui progetti beneficiari di IBERMEDIA NEXT.            <\/div>\n\n            <div class=\"cards--team\">\n                                                            <div class=\"card\">\n                            <div class=\"card--header\">\n                                <span class=\"card--name\">CANDIDA FORESTA<\/span>\n                                <span class=\"card--info\">SPAGNA \u00b7 CUBA<\/span>\n                            <\/div>\n                            <div class=\"card--content\">\n                                <div class=\"container\">\n                                    <p>Antaruxa SL ed Estudios de Animaci\u00f3n ICAIC<\/p>\n<p>Un progetto di co-sviluppo guidato da una societ\u00e0 di lunga data, Antaruxa, insieme al prestigioso studio cubano ICAIC (&#8220;\u00a1Vampiros en La Habana!&#8221;). Si tratta di un episodio pilota di una serie che stupisce per la sua animazione estetica artigianale, basata sull&#8217;opera pittorica di Perrilla (Tal\u00eda Garc\u00eda), dove gli acquerelli si trasformano in ambienti 2D e 3D. A livello tecnico, una delle sue intenzioni \u00e8 quella di sviluppare un plugin ASP come strumento open source che funzioni in Blender.<\/p>\n                                <\/div>\n                                <div class=\"options\">\n                                    <div class=\"lk\">\n                                                                            <\/div>\n                                    <div class=\"cta\">\n                                                                                    <a href=\"https:\/\/ibermedianext.com\/it\/non-categorizzato\/candida-foresta\/\" target=\"_blank\" class=\"btn btn--dot\">\n                                                <span class=\"dot\"><img decoding=\"async\" src=\"https:\/\/ibermedianext.com\/wp-content\/themes\/ibermedia\/img\/arrow-btn.svg\"><\/span>\n                                                <span class=\"lbl\">Visitar site<\/span>\n                                            <\/a>\n                                                                            <\/div>\n                                <\/div>\n                            <\/div>\n                            <div class=\"card--image\">\n                                <img decoding=\"async\" src=\"https:\/\/ibermedianext.com\/wp-content\/uploads\/2023\/11\/CandidaForesta_03.jpg\" alt=\"CANDIDA FORESTA\">\n                                <div class=\"icon\">\n                                    <img decoding=\"async\" src=\"https:\/\/ibermedianext.com\/wp-content\/themes\/ibermedia\/img\/icon-more-formacion.svg\" \/>\n                                <\/div>\n                            <\/div>\n                        <\/div>\n                                            <div class=\"card\">\n                            <div class=\"card--header\">\n                                <span class=\"card--name\">CITT\u00c0 DOLENTE. THE MIRROR<\/span>\n                                <span class=\"card--info\">ITALIA \u00b7 ARGENTINA<\/span>\n                            <\/div>\n                            <div class=\"card--content\">\n                                <div class=\"container\">\n                                    <p>Ibrido Studio SRL e Ojo Raro<\/p>\n<p>Una discesa negli inferni danteschi mescolata a dettagli delle culture indigene attraverso una ricreazione VR. \u00c8 quanto propongono l&#8217;italiana Ibrido Studio, specializzata in VR, e Ojo Raro, studio argentino noto per il classico dell&#8217;animazione iberoamericana &#8220;El empleo&#8221;. Con un target chiaramente adulto, \u2018Citt\u00e0 Dolente. The Mirror\u2019 si distingue per l&#8217;intenzione di combinare 2D, 3D e stop motion, rinnovando quest&#8217;ultimo grazie alla fotogrammetria.<\/p>\n                                <\/div>\n                                <div class=\"options\">\n                                    <div class=\"lk\">\n                                                                            <\/div>\n                                    <div class=\"cta\">\n                                                                                    <a href=\"https:\/\/ibermedianext.com\/it\/non-categorizzato\/citta-dolente-the-mirror\/\" target=\"_blank\" class=\"btn btn--dot\">\n                                                <span class=\"dot\"><img decoding=\"async\" src=\"https:\/\/ibermedianext.com\/wp-content\/themes\/ibermedia\/img\/arrow-btn.svg\"><\/span>\n                                                <span class=\"lbl\">Visitar site<\/span>\n                                            <\/a>\n                                                                            <\/div>\n                                <\/div>\n                            <\/div>\n                            <div class=\"card--image\">\n                                <img decoding=\"async\" src=\"https:\/\/ibermedianext.com\/wp-content\/uploads\/2023\/11\/CittaDolente_03.jpg\" alt=\"CITT\u00c0 DOLENTE. THE MIRROR\">\n                                <div class=\"icon\">\n                                    <img decoding=\"async\" src=\"https:\/\/ibermedianext.com\/wp-content\/themes\/ibermedia\/img\/icon-more-formacion.svg\" \/>\n                                <\/div>\n                            <\/div>\n                        <\/div>\n                                            <div class=\"card\">\n                            <div class=\"card--header\">\n                                <span class=\"card--name\">L\u00daCIDO<\/span>\n                                <span class=\"card--info\">PORTOGALLO \u00b7 BRASILE \u00b7 COLOMBIA \u00b7 ITALIA \u00b7 DANIMARCA \u00b7 SPAGNA<\/span>\n                            <\/div>\n                            <div class=\"card--content\">\n                                <div class=\"container\">\n                                    <p>Cola Quente CRL, Delirium VR, Dinamita Animaci\u00f3n SAS, Studio Kimchi SL e Robin Studio SRL e Ouros Animation<\/p>\n<p>Un progetto ambizioso che propone un&#8217;antologia d&#8217;autore in formato VR, con societ\u00e0 di produzione di fama internazionale e fino a sei Paesi che collaborano allo sviluppo. \u2018L\u00facido\u2019 \u00e8 un&#8217;esperienza sensoriale in cui l&#8217;utente diventa co-creatore. Si avvarranno di tecnologie dirompenti come Tilt Brush e Medium per prototipare e &#8220;dipingere&#8221; un proprio universo utilizzando Blender per l&#8217;animazione e Unity per l&#8217;interattivit\u00e0.<\/p>\n                                <\/div>\n                                <div class=\"options\">\n                                    <div class=\"lk\">\n                                                                            <\/div>\n                                    <div class=\"cta\">\n                                                                                    <a href=\"https:\/\/ibermedianext.com\/it\/non-categorizzato\/lucido\/\" target=\"_blank\" class=\"btn btn--dot\">\n                                                <span class=\"dot\"><img decoding=\"async\" src=\"https:\/\/ibermedianext.com\/wp-content\/themes\/ibermedia\/img\/arrow-btn.svg\"><\/span>\n                                                <span class=\"lbl\">Visitar site<\/span>\n                                            <\/a>\n                                                                            <\/div>\n                                <\/div>\n                            <\/div>\n                            <div class=\"card--image\">\n                                <img decoding=\"async\" src=\"https:\/\/ibermedianext.com\/wp-content\/uploads\/2023\/11\/Lucido_03-2.jpg\" alt=\"L\u00daCIDO\">\n                                <div class=\"icon\">\n                                    <img decoding=\"async\" src=\"https:\/\/ibermedianext.com\/wp-content\/themes\/ibermedia\/img\/icon-more-formacion.svg\" \/>\n                                <\/div>\n                            <\/div>\n                        <\/div>\n                                            <div class=\"card\">\n                            <div class=\"card--header\">\n                                <span class=\"card--name\">LO OBSCURO DEL FUEGO<\/span>\n                                <span class=\"card--info\">SPAGNA \u00b7 MESSICO<\/span>\n                            <\/div>\n                            <div class=\"card--content\">\n                                <div class=\"container\">\n                                    <p>Agrup Lab SL, Pulsaci\u00f3n Creadora Films SRL e Polar Studio SC<\/p>\n<p>Un esempio di come la tecnologia migliora e trasforma il settore del documentario, con un approccio particolare alla VR e all&#8217;uso dell&#8217;IA generativa per modificare i contenuti registrati e avvicinarli all&#8217;animazione. Con un marcato carattere documentario, \u2018Lo obscuro del fuego\u2019 racconta il dramma dei cartelli messicani attraverso un duplice approccio: animazione tradizionale ed episodio pilota VR, quest&#8217;ultimo come progetto museale immersivo.<\/p>\n<p>&nbsp;<\/p>\n                                <\/div>\n                                <div class=\"options\">\n                                    <div class=\"lk\">\n                                                                            <\/div>\n                                    <div class=\"cta\">\n                                                                                    <a href=\"https:\/\/ibermedianext.com\/it\/non-categorizzato\/lo-obscuro-del-fuego\/\" target=\"_blank\" class=\"btn btn--dot\">\n                                                <span class=\"dot\"><img decoding=\"async\" src=\"https:\/\/ibermedianext.com\/wp-content\/themes\/ibermedia\/img\/arrow-btn.svg\"><\/span>\n                                                <span class=\"lbl\">Visitar site<\/span>\n                                            <\/a>\n                                                                            <\/div>\n                                <\/div>\n                            <\/div>\n                            <div class=\"card--image\">\n                                <img decoding=\"async\" src=\"https:\/\/ibermedianext.com\/wp-content\/uploads\/2023\/11\/LoObscuroDelFuego_01.jpg\" alt=\"LO OBSCURO DEL FUEGO\">\n                                <div class=\"icon\">\n                                    <img decoding=\"async\" src=\"https:\/\/ibermedianext.com\/wp-content\/themes\/ibermedia\/img\/icon-more-formacion.svg\" \/>\n                                <\/div>\n                            <\/div>\n                        <\/div>\n                                            <div class=\"card\">\n                            <div class=\"card--header\">\n                                <span class=\"card--name\">EL ORIGEN DE LA EXPERIENCIA<\/span>\n                                <span class=\"card--info\">SPAGNA \u00b7 MESSICO<\/span>\n                            <\/div>\n                            <div class=\"card--content\">\n                                <div class=\"container\">\n                                    <p>Cornelius Films SL, Hampa Studio SL e La Corriente del Golfo<\/p>\n<p>Un progetto che nasce dalla mano di due rinomate societ\u00e0 di produzione: la spagnola Cornelius, responsabile di &#8216;Mironins&#8217; e del lungometraggio in stop motion &#8220;Olivia y el terremoto invisible&#8221; (Irene Iborra), e la messicana La Corriente del Golfo, guidata da Diego Luna e Gael Garc\u00eda Bernal, che contribuiscono anche con le loro voci. Propone un viaggio nel misticismo e nella trance della cultura messicana grazie alla VR, utilizzando una miscela di tecniche diverse, tra cui 2D, cut out e stop motion, a cui si aggiunge la potenza dell&#8217;IA generativa, integrata in processi con Blender.<\/p>\n                                <\/div>\n                                <div class=\"options\">\n                                    <div class=\"lk\">\n                                                                            <\/div>\n                                    <div class=\"cta\">\n                                                                                    <a href=\"https:\/\/ibermedianext.com\/it\/non-categorizzato\/el-origen-de-la-experiencia\/\" target=\"_blank\" class=\"btn btn--dot\">\n                                                <span class=\"dot\"><img decoding=\"async\" src=\"https:\/\/ibermedianext.com\/wp-content\/themes\/ibermedia\/img\/arrow-btn.svg\"><\/span>\n                                                <span class=\"lbl\">Visitar site<\/span>\n                                            <\/a>\n                                                                            <\/div>\n                                <\/div>\n                            <\/div>\n                            <div class=\"card--image\">\n                                <img decoding=\"async\" src=\"https:\/\/ibermedianext.com\/wp-content\/uploads\/2023\/11\/ElOrigendelaExperiencia_02.jpg\" alt=\"EL ORIGEN DE LA EXPERIENCIA\">\n                                <div class=\"icon\">\n                                    <img decoding=\"async\" src=\"https:\/\/ibermedianext.com\/wp-content\/themes\/ibermedia\/img\/icon-more-formacion.svg\" \/>\n                                <\/div>\n                            <\/div>\n                        <\/div>\n                                            <div class=\"card\">\n                            <div class=\"card--header\">\n                                <span class=\"card--name\">PINK NOISE<\/span>\n                                <span class=\"card--info\">SPAGNA \u00b7 CILE<\/span>\n                            <\/div>\n                            <div class=\"card--content\">\n                                <div class=\"container\">\n                                    <p>La Mola Films SL y Bernardita Ojeda Producci\u00f3n Gr\u00e1fica e Audiovisual EIRL<\/p>\n<p>Marie Curie porta avanti una rivendicazione per le donne nella storia, per un progetto di etica femminista, estetica trasgressiva e un tocco di umorismo. In &#8220;Pink noise&#8221; le tecnologie dirompenti sono integrate dalla pipeline, con un&#8217;IA od &#8220;obbedienza artificiale&#8221; che crea strumenti per sfuggire alla standardizzazione ed espandere il lavoro dell&#8217;artista, da orizzontale a verticale. I risultati tecnici saranno successivamente condivisi con l&#8217;Universidad Rey Juan Carlos (Spagna) sotto forma di paper di ricerca.<\/p>\n                                <\/div>\n                                <div class=\"options\">\n                                    <div class=\"lk\">\n                                                                            <\/div>\n                                    <div class=\"cta\">\n                                                                                    <a href=\"https:\/\/ibermedianext.com\/it\/non-categorizzato\/pink-noise\/\" target=\"_blank\" class=\"btn btn--dot\">\n                                                <span class=\"dot\"><img decoding=\"async\" src=\"https:\/\/ibermedianext.com\/wp-content\/themes\/ibermedia\/img\/arrow-btn.svg\"><\/span>\n                                                <span class=\"lbl\">Visitar site<\/span>\n                                            <\/a>\n                                                                            <\/div>\n                                <\/div>\n                            <\/div>\n                            <div class=\"card--image\">\n                                <img decoding=\"async\" src=\"https:\/\/ibermedianext.com\/wp-content\/uploads\/2023\/11\/PinkNoise_01.jpg\" alt=\"PINK NOISE\">\n                                <div class=\"icon\">\n                                    <img decoding=\"async\" src=\"https:\/\/ibermedianext.com\/wp-content\/themes\/ibermedia\/img\/icon-more-formacion.svg\" \/>\n                                <\/div>\n                            <\/div>\n                        <\/div>\n                                            <div class=\"card\">\n                            <div class=\"card--header\">\n                                <span class=\"card--name\">EL RASTRO DE TU SANGRE EN LA NIEVE<\/span>\n                                <span class=\"card--info\">SPAGNA \u00b7 MESSICO<\/span>\n                            <\/div>\n                            <div class=\"card--content\">\n                                <div class=\"container\">\n                                    <p>Hampa Studio SL e Cine Tornado<\/p>\n<p>Il primo adattamento di questo racconto di Gabriel Garc\u00eda M\u00e1rquez al cinema e anche la prima volta che una delle sue storie viene raccontata in formato animato, in un progetto guidato da due rinomati registi messicani, El\u00edas Nahm\u00edas, amico personale di Gabo, e Gonzalo Garc\u00eda Barcha, uno dei figli dell&#8217;artista universale. Per dare vita a quest\u2019opera si utilizzeranno strumenti come Blender e Grease Pencil, oltre all&#8217;IA per la cattura del movimento, l\u2019analisi dei dati e la fotogrammetria degli scenari.<\/p>\n                                <\/div>\n                                <div class=\"options\">\n                                    <div class=\"lk\">\n                                                                            <\/div>\n                                    <div class=\"cta\">\n                                                                                    <a href=\"https:\/\/ibermedianext.com\/it\/non-categorizzato\/el-rastro-de-tu-sangre-en-la-nieve\/\" target=\"_blank\" class=\"btn btn--dot\">\n                                                <span class=\"dot\"><img decoding=\"async\" src=\"https:\/\/ibermedianext.com\/wp-content\/themes\/ibermedia\/img\/arrow-btn.svg\"><\/span>\n                                                <span class=\"lbl\">Visitar site<\/span>\n                                            <\/a>\n                                                                            <\/div>\n                                <\/div>\n                            <\/div>\n                            <div class=\"card--image\">\n                                <img decoding=\"async\" src=\"https:\/\/ibermedianext.com\/wp-content\/uploads\/2023\/11\/ElRastrodeTuSangre_01.jpg\" alt=\"EL RASTRO DE TU SANGRE EN LA NIEVE\">\n                                <div class=\"icon\">\n                                    <img decoding=\"async\" src=\"https:\/\/ibermedianext.com\/wp-content\/themes\/ibermedia\/img\/icon-more-formacion.svg\" \/>\n                                <\/div>\n                            <\/div>\n                        <\/div>\n                                            <div class=\"card\">\n                            <div class=\"card--header\">\n                                <span class=\"card--name\">SOPHIA (SOF\u00cdA)<\/span>\n                                <span class=\"card--info\">SPAGNA \u00b7 ARGENTINA \u00b7 MESSICO<\/span>\n                            <\/div>\n                            <div class=\"card--content\">\n                                <div class=\"container\">\n                                    <p>Atl\u00e1ntika Films, MKM Group ed Od\u00edn Acosta<\/p>\n<p>Una coproduzione di tre Paesi guidata da donne, come testimoniano la regia di Anna Saura e la direzione artistica di Isabel Muguruza. Un progetto in cui l&#8217;animazione si mescola, grazie all&#8217;uso di Blender, Unreal o Boticelli, e immagine reale, che prende forma con la partecipazione dell&#8217;attrice Milena Smit. Il suo intento principale \u00e8 quello di sensibilizzare l&#8217;opinione pubblica sulla gravit\u00e0 dei problemi di salute mentale.<\/p>\n                                <\/div>\n                                <div class=\"options\">\n                                    <div class=\"lk\">\n                                                                            <\/div>\n                                    <div class=\"cta\">\n                                                                                    <a href=\"https:\/\/ibermedianext.com\/it\/non-categorizzato\/sophia-sofia\/\" target=\"_blank\" class=\"btn btn--dot\">\n                                                <span class=\"dot\"><img decoding=\"async\" src=\"https:\/\/ibermedianext.com\/wp-content\/themes\/ibermedia\/img\/arrow-btn.svg\"><\/span>\n                                                <span class=\"lbl\">Visitar site<\/span>\n                                            <\/a>\n                                                                            <\/div>\n                                <\/div>\n                            <\/div>\n                            <div class=\"card--image\">\n                                <img decoding=\"async\" src=\"https:\/\/ibermedianext.com\/wp-content\/uploads\/2023\/11\/Sophia.jpg\" alt=\"SOPHIA (SOF\u00cdA)\">\n                                <div class=\"icon\">\n                                    <img decoding=\"async\" src=\"https:\/\/ibermedianext.com\/wp-content\/themes\/ibermedia\/img\/icon-more-formacion.svg\" \/>\n                                <\/div>\n                            <\/div>\n                        <\/div>\n                                            <div class=\"card\">\n                            <div class=\"card--header\">\n                                <span class=\"card--name\">TIERRA MILAGROSA<\/span>\n                                <span class=\"card--info\">PORTOGALLO \u00b7 GUATEMALA<\/span>\n                            <\/div>\n                            <div class=\"card--content\">\n                                <div class=\"container\">\n                                    <p>BAP Animation Studios CRL e Anarqu\u00eda Visual<\/p>\n<p>Due Paesi, tre societ\u00e0 di produzione e la partecipazione di creatori famosi come il portoghese David Doutel, pluripremiato a livello internazionale. \u2018Tierra milagrosa\u2019 combina il tradizionale (grafite su carta) con il contemporaneo (applicazione della machine learning alla post-produzione). Si prevede la partecipazione di attori non professionisti, provenienti dal teatro di comunit\u00e0 e si affrontano temi sociali, dando voce alle comunit\u00e0 sottorappresentate con frammenti parlati in lingua maya.<\/p>\n                                <\/div>\n                                <div class=\"options\">\n                                    <div class=\"lk\">\n                                                                            <\/div>\n                                    <div class=\"cta\">\n                                                                                    <a href=\"https:\/\/ibermedianext.com\/it\/non-categorizzato\/tierra-milagrosa\/\" target=\"_blank\" class=\"btn btn--dot\">\n                                                <span class=\"dot\"><img decoding=\"async\" src=\"https:\/\/ibermedianext.com\/wp-content\/themes\/ibermedia\/img\/arrow-btn.svg\"><\/span>\n                                                <span class=\"lbl\">Visitar site<\/span>\n                                            <\/a>\n                                                                            <\/div>\n                                <\/div>\n                            <\/div>\n                            <div class=\"card--image\">\n                                <img decoding=\"async\" src=\"https:\/\/ibermedianext.com\/wp-content\/uploads\/2023\/11\/TierraMilagrosa_03.jpg\" alt=\"TIERRA MILAGROSA\">\n                                <div class=\"icon\">\n                                    <img decoding=\"async\" src=\"https:\/\/ibermedianext.com\/wp-content\/themes\/ibermedia\/img\/icon-more-formacion.svg\" \/>\n                                <\/div>\n                            <\/div>\n                        <\/div>\n                                            <div class=\"card\">\n                            <div class=\"card--header\">\n                                <span class=\"card--name\">TIT\u00c1N TOFU<\/span>\n                                <span class=\"card--info\">SPAGNA \u00b7 ECUADOR<\/span>\n                            <\/div>\n                            <div class=\"card--content\">\n                                <div class=\"container\">\n                                    <p>Uniko Estudio Creativo SL, Abano Produci\u00f3ns e Mattegraphics CIA LTDA<\/p>\n<p>Un&#8217;avventura di scoperta emotiva per bambini in et\u00e0 prescolare dai creatori del celebre \u2018Unicorn wars\u2019, Uniko, e da uno dei grandi nomi dell&#8217;animazione latinoamericana, l\u2019ecuadoriana Matte. Questo progetto, guidato da Mar\u00eda Luquero, vanta gi\u00e0 un curriculum significativo: \u00e8 stato incubato in Next Lab Generation ed \u00e8 stato presentato a MIFA En Serie e a Spanish Screenings On Tour 2022 ad Animation! Ventana Sur. Estetica in stop motion, realizzata grazie a Blender e Unreal, e input dell&#8217;IA per trasferire gli stili nelle voci fuori campo e nelle texture.<\/p>\n                                <\/div>\n                                <div class=\"options\">\n                                    <div class=\"lk\">\n                                                                            <\/div>\n                                    <div class=\"cta\">\n                                                                                    <a href=\"https:\/\/ibermedianext.com\/it\/non-categorizzato\/titan-tofu\/\" target=\"_blank\" class=\"btn btn--dot\">\n                                                <span class=\"dot\"><img decoding=\"async\" src=\"https:\/\/ibermedianext.com\/wp-content\/themes\/ibermedia\/img\/arrow-btn.svg\"><\/span>\n                                                <span class=\"lbl\">Visitar site<\/span>\n                                            <\/a>\n                                                                            <\/div>\n                                <\/div>\n                            <\/div>\n                            <div class=\"card--image\">\n                                <img decoding=\"async\" src=\"https:\/\/ibermedianext.com\/wp-content\/uploads\/2023\/11\/TitanTofu_03.jpeg\" alt=\"TIT\u00c1N TOFU\">\n                                <div class=\"icon\">\n                                    <img decoding=\"async\" src=\"https:\/\/ibermedianext.com\/wp-content\/themes\/ibermedia\/img\/icon-more-formacion.svg\" \/>\n                                <\/div>\n                            <\/div>\n                        <\/div>\n                                            <div class=\"card\">\n                            <div class=\"card--header\">\n                                <span class=\"card--name\">URKE<\/span>\n                                <span class=\"card--info\">SPAGNA \u00b7 MESSICO<\/span>\n                            <\/div>\n                            <div class=\"card--content\">\n                                <div class=\"container\">\n                                    <p>B\u00edgaro Films SL, Aupa Studio e SMC Studio<\/p>\n<p>Una passeggiata nella storia di uno dei popoli indigeni della Penisola Iberica, gli Iberi, attraverso Urke, la ragazza selvaggia che affascin\u00f2 Annibale. Si tratta di uno sviluppo congiunto tra le societ\u00e0 di produzione spagnole B\u00edgaro Films e AupaStudio con la messicana S\u00edsmica, il cui obiettivo \u00e8 diventare una serie di diverse stagioni. L\u2019opera, diretta da Aitor Herrero e realizzata da figure come Pakoto, promette un&#8217;estetica suggestiva e colorata, che grazie a strumenti come Blender moltiplicher\u00e0 i suoi formati, dal 2.5D alla VR.<\/p>\n                                <\/div>\n                                <div class=\"options\">\n                                    <div class=\"lk\">\n                                                                            <\/div>\n                                    <div class=\"cta\">\n                                                                                    <a href=\"https:\/\/ibermedianext.com\/it\/non-categorizzato\/urke\/\" target=\"_blank\" class=\"btn btn--dot\">\n                                                <span class=\"dot\"><img decoding=\"async\" src=\"https:\/\/ibermedianext.com\/wp-content\/themes\/ibermedia\/img\/arrow-btn.svg\"><\/span>\n                                                <span class=\"lbl\">Visitar site<\/span>\n                                            <\/a>\n                                                                            <\/div>\n                                <\/div>\n                            <\/div>\n                            <div class=\"card--image\">\n                                <img decoding=\"async\" src=\"https:\/\/ibermedianext.com\/wp-content\/uploads\/2023\/11\/Urke_01.jpg\" alt=\"URKE\">\n                                <div class=\"icon\">\n                                    <img decoding=\"async\" src=\"https:\/\/ibermedianext.com\/wp-content\/themes\/ibermedia\/img\/icon-more-formacion.svg\" \/>\n                                <\/div>\n                            <\/div>\n                        <\/div>\n                                            <div class=\"card\">\n                            <div class=\"card--header\">\n                                <span class=\"card--name\">UN VIAJE PELIGROSO. LA HISTORIA DE PEPI<\/span>\n                                <span class=\"card--info\">SPAGNA \u00b7 COLOMBIA<\/span>\n                            <\/div>\n                            <div class=\"card--content\">\n                                <div class=\"container\">\n                                    <p>Noon Films SLU e Cine Caudal<\/p>\n<p>Un progetto complesso e ambizioso che cerca di avvicinare l&#8217;esperienza agli utenti, che potranno interagire con l&#8217;IA come interlocutrice. Questa proposta, vicina al museale, riunisce diversi stili d&#8217;arte con la firma di autori come la spagnola Mar\u00eda Medem, l&#8217;argentino Carlos Scolari, l&#8217;adesione della direttrice dell\u2019animazione Carla Melo e il sostegno dell&#8217;investitrice nordamericana Deirdre Towers. La visione di un autore su un tema di ampio respiro: la sofferenza dei bambini in tempi terribili come la Guerra Civile e l&#8217;Olocausto.<\/p>\n                                <\/div>\n                                <div class=\"options\">\n                                    <div class=\"lk\">\n                                                                            <\/div>\n                                    <div class=\"cta\">\n                                                                                    <a href=\"https:\/\/ibermedianext.com\/it\/non-categorizzato\/un-viaje-peligroso-la-historia-de-pepi\/\" target=\"_blank\" class=\"btn btn--dot\">\n                                                <span class=\"dot\"><img decoding=\"async\" src=\"https:\/\/ibermedianext.com\/wp-content\/themes\/ibermedia\/img\/arrow-btn.svg\"><\/span>\n                                                <span class=\"lbl\">Visitar site<\/span>\n                                            <\/a>\n                                                                            <\/div>\n                                <\/div>\n                            <\/div>\n                            <div class=\"card--image\">\n                                <img decoding=\"async\" src=\"https:\/\/ibermedianext.com\/wp-content\/uploads\/2023\/11\/UnViajePeligroso_02.jpg\" alt=\"UN VIAJE PELIGROSO. LA HISTORIA DE PEPI\">\n                                <div class=\"icon\">\n                                    <img decoding=\"async\" src=\"https:\/\/ibermedianext.com\/wp-content\/themes\/ibermedia\/img\/icon-more-formacion.svg\" \/>\n                                <\/div>\n                            <\/div>\n                        <\/div>\n                                            <div class=\"card\">\n                            <div class=\"card--header\">\n                                <span class=\"card--name\">IL VIAGGIO DI GUAMAN<\/span>\n                                <span class=\"card--info\">ITALIA \u00b7 BOLIVIA \u00b7 PER\u00d9<\/span>\n                            <\/div>\n                            <div class=\"card--content\">\n                                <div class=\"container\">\n                                    <p>L&amp;C SRL, Desfase Films e Producen Bolivia<\/p>\n<p>Tre societ\u00e0 di produzione di tre Paesi diversi, l&#8217;italiana L&amp;C, la peruviana Desfase Films e la boliviana Producen Bolivia, si uniscono per questo co-sviluppo rivolto al pubblico dei bambini. Con una duplice natura di documentario e di esperienza museale, &#8220;Il viaggio di Guaman&#8221; propone un viaggio nel Per\u00f9 storico, dove \u00e8 possibile conoscere le culture Inca. In termini di software, spicca l&#8217;uso di Blender, in collaborazione con la Blender Foundation, e Grease Pencil, per il quale si svilupperanno strumenti mescolati con l&#8217;IA.<\/p>\n                                <\/div>\n                                <div class=\"options\">\n                                    <div class=\"lk\">\n                                                                            <\/div>\n                                    <div class=\"cta\">\n                                                                                    <a href=\"https:\/\/ibermedianext.com\/it\/non-categorizzato\/il-viaggio-di-guaman\/\" target=\"_blank\" class=\"btn btn--dot\">\n                                                <span class=\"dot\"><img decoding=\"async\" src=\"https:\/\/ibermedianext.com\/wp-content\/themes\/ibermedia\/img\/arrow-btn.svg\"><\/span>\n                                                <span class=\"lbl\">Visitar site<\/span>\n                                            <\/a>\n                                                                            <\/div>\n                                <\/div>\n                            <\/div>\n                            <div class=\"card--image\">\n                                <img decoding=\"async\" src=\"https:\/\/ibermedianext.com\/wp-content\/uploads\/2023\/11\/IlViaggiodiGuaman_02.jpg\" alt=\"IL VIAGGIO DI GUAMAN\">\n                                <div class=\"icon\">\n                                    <img decoding=\"async\" src=\"https:\/\/ibermedianext.com\/wp-content\/themes\/ibermedia\/img\/icon-more-formacion.svg\" \/>\n                                <\/div>\n                            <\/div>\n                        <\/div>\n                                            <div class=\"card\">\n                            <div class=\"card--header\">\n                                <span class=\"card--name\">VIGILADOS. LA PRISI\u00d3N DE KOIRA<\/span>\n                                <span class=\"card--info\">SPAGNA \u00b7 CILE \u00b7 PER\u00d9<\/span>\n                            <\/div>\n                            <div class=\"card--content\">\n                                <div class=\"container\">\n                                    <p>Tourmalet Films SL, Apus Estudio SAC e Pudoctopus Entertainment SPA<\/p>\n<p>Uno spin-off del progetto di lungometraggio, &#8216;Vigilados&#8217;, che nasce grazie al co-sviluppo tra tre societ\u00e0 di produzione di diversi Paesi con un comprovato background internazionale e con figure rinomate tra i loro team artistici, come il regista colombiano Diego Guzm\u00e1n e la sceneggiatrice cilena Javiera Risco. A livello tecnico, una delle intenzioni \u00e8 quella di migrare da software proprietari come Maya a open source, come Blender o Grease Pencil, sfruttando anche il contributo dell&#8217;IA per generare benchmark e integrare successivamente le animazioni.<\/p>\n                                <\/div>\n                                <div class=\"options\">\n                                    <div class=\"lk\">\n                                                                            <\/div>\n                                    <div class=\"cta\">\n                                                                                    <a href=\"https:\/\/ibermedianext.com\/it\/non-categorizzato\/vigilados-la-prision-de-koira\/\" target=\"_blank\" class=\"btn btn--dot\">\n                                                <span class=\"dot\"><img decoding=\"async\" src=\"https:\/\/ibermedianext.com\/wp-content\/themes\/ibermedia\/img\/arrow-btn.svg\"><\/span>\n                                                <span class=\"lbl\">Visitar site<\/span>\n                                            <\/a>\n                                                                            <\/div>\n                                <\/div>\n                            <\/div>\n                            <div class=\"card--image\">\n                                <img decoding=\"async\" src=\"https:\/\/ibermedianext.com\/wp-content\/uploads\/2023\/11\/Vigilados_01.jpg\" alt=\"VIGILADOS. LA PRISI\u00d3N DE KOIRA\">\n                                <div class=\"icon\">\n                                    <img decoding=\"async\" src=\"https:\/\/ibermedianext.com\/wp-content\/themes\/ibermedia\/img\/icon-more-formacion.svg\" \/>\n                                <\/div>\n                            <\/div>\n                        <\/div>\n                                                <\/div>\n        <\/div>\n    <\/div>\n","protected":false},"excerpt":{"rendered":"","protected":false},"author":2,"featured_media":0,"parent":0,"menu_order":0,"comment_status":"closed","ping_status":"closed","template":"page-projects.php","meta":{"footnotes":""},"class_list":["post-1891","page","type-page","status-publish","hentry"],"acf":[],"_links":{"self":[{"href":"https:\/\/ibermedianext.com\/it\/wp-json\/wp\/v2\/pages\/1891","targetHints":{"allow":["GET"]}}],"collection":[{"href":"https:\/\/ibermedianext.com\/it\/wp-json\/wp\/v2\/pages"}],"about":[{"href":"https:\/\/ibermedianext.com\/it\/wp-json\/wp\/v2\/types\/page"}],"author":[{"embeddable":true,"href":"https:\/\/ibermedianext.com\/it\/wp-json\/wp\/v2\/users\/2"}],"replies":[{"embeddable":true,"href":"https:\/\/ibermedianext.com\/it\/wp-json\/wp\/v2\/comments?post=1891"}],"version-history":[{"count":50,"href":"https:\/\/ibermedianext.com\/it\/wp-json\/wp\/v2\/pages\/1891\/revisions"}],"predecessor-version":[{"id":4361,"href":"https:\/\/ibermedianext.com\/it\/wp-json\/wp\/v2\/pages\/1891\/revisions\/4361"}],"wp:attachment":[{"href":"https:\/\/ibermedianext.com\/it\/wp-json\/wp\/v2\/media?parent=1891"}],"curies":[{"name":"wp","href":"https:\/\/api.w.org\/{rel}","templated":true}]}}